{"id":22894,"date":"2025-08-04T15:16:32","date_gmt":"2025-08-04T13:16:32","guid":{"rendered":"https:\/\/cmb.hu-berlin.de\/Drittmittelprojekte\/geteilter-himmel\/"},"modified":"2026-02-23T16:37:59","modified_gmt":"2026-02-23T15:37:59","slug":"geteilter-himmel","status":"publish","type":"dm_projekte","link":"https:\/\/cmb.hu-berlin.de\/fr\/Drittmittelprojekte\/geteilter-himmel\/","title":{"rendered":"Geteilter Himmel?"},"content":{"rendered":"<section class=\"header-section\">\n    <h1 class=\"block-headline\">Geteilter Himmel?<\/h1>\n\n<\/section>\n\n\n\t<section class=\"subheadline_section\">\n\t    <h2 class=\"block-subheadline\">Ein immer noch geteilter Himmel? Deutschlands Osten und Westen, drei\u00dfig Jahre nach der Wiedervereinigung<\/h2>\n\t<\/section>\n\n\n\n<section class=\"one-box-text-section\">\n    \n    <div class=\"box-container full\">\n                    <div class=\"text-box\">\n                <p><strong>Projektleitung:<\/strong> B\u00e9atrice von Hirschhausen (CMB \/ CNRS)<br \/>\n<strong>F\u00f6rdermittelgeber:<\/strong> CIERA<br \/>\n<strong>Projektpartner:<\/strong> CMB, Universit\u00e9 Paris\u00a01, Europa-Universit\u00e4t Viadrina<br \/>\n<strong>Laufzeit:<\/strong> 01.2021 \u2013 12.2022<\/p>\n<p>&nbsp;<\/p>\n<p>Sur les cartes des \u00e9lections au Bundestag de 2017, les traces du partage des deux Allemagnes sont apparues avec une nettet\u00e9 spectaculaire en d\u00e9pit des presque 30 ans de R\u00e9unification. L\u2019originalit\u00e9 du projet consiste \u00e0 nouer une coop\u00e9ration franco\u2010allemande sur un terrain d\u2019enqu\u00eate commun afin d\u2019\u00e9clairer cette g\u00e9ographie \u00e9lectorale \u00e9tonnante. Il s\u2019agit initier une nouvelle coop\u00e9ration interdisciplinaire (g\u00e9ographie, anthropologie sociale, science politique) entre l\u2019Universit\u00e9 de Paris 1, l\u2019Universit\u00e9 Viadrina de Francfort et le Centre Marc Bloch, en visant \u00e0 terme le d\u00e9p\u00f4t d\u2019un projet ANR\u2010DFG Le projet pr\u00e9voit deux workshops \u00e0 Paris et Berlin, un s\u00e9jour d\u2019\u00e9tudes de 6 jours sur deux terrains ruraux et un colloque international final \u00e0 la Viadrina en octobre 2020 pour les 30 ans de la R\u00e9unification.<\/p>\n            <\/div>\n              \n    <\/div>\n<\/section>","protected":false},"excerpt":{"rendered":"","protected":false},"featured_media":0,"template":"","meta":{"_acf_changed":false},"categories":[187,185],"class_list":["post-22894","dm_projekte","type-dm_projekte","status-publish","hentry","category-ehemalige-drittmittelprojekte","category-nationale-mittel"],"acf":[],"_links":{"self":[{"href":"https:\/\/cmb.hu-berlin.de\/fr\/wp-json\/wp\/v2\/dm_projekte\/22894","targetHints":{"allow":["GET"]}}],"collection":[{"href":"https:\/\/cmb.hu-berlin.de\/fr\/wp-json\/wp\/v2\/dm_projekte"}],"about":[{"href":"https:\/\/cmb.hu-berlin.de\/fr\/wp-json\/wp\/v2\/types\/dm_projekte"}],"wp:attachment":[{"href":"https:\/\/cmb.hu-berlin.de\/fr\/wp-json\/wp\/v2\/media?parent=22894"}],"wp:term":[{"taxonomy":"category","embeddable":true,"href":"https:\/\/cmb.hu-berlin.de\/fr\/wp-json\/wp\/v2\/categories?post=22894"}],"curies":[{"name":"wp","href":"https:\/\/api.w.org\/{rel}","templated":true}]}}