{"id":24657,"date":"2026-04-23T16:18:55","date_gmt":"2026-04-23T14:18:55","guid":{"rendered":"https:\/\/cmb.hu-berlin.de\/Drittmittelprojekte\/divsky\/"},"modified":"2026-04-24T19:20:19","modified_gmt":"2026-04-24T17:20:19","slug":"divsky","status":"publish","type":"dm_projekte","link":"https:\/\/cmb.hu-berlin.de\/fr\/Drittmittelprojekte\/divsky\/","title":{"rendered":"DivSky"},"content":{"rendered":"<section class=\"header-section\">\n    <h1 class=\"block-headline\">DIVSKY<\/h1>\n\n<\/section>\n\n\n\t<section class=\"subheadline_section\">\n\t    <h2 class=\"block-subheadline\">Un ciel toujours partag\u00e9 ? Interd\u00e9pendances et asym\u00e9tries le long de l\u2019ancienne fronti\u00e8re interallemande<\/h2>\n\t<\/section>\n\n\n\n<section class=\"one-box-text-section\">\n    \n    <div class=\"box-container full\">\n                    <div class=\"text-box\">\n                <p><strong>Projektleitung:\u00a0<\/strong>Laure de Verdalle (CMB\/Printemps)<\/p>\n<p><strong>F\u00f6rdermittelgeber:\u00a0<\/strong>ANR-DFG<\/p>\n<p><strong>Projektpartner: <\/strong>Europa-Universit\u00e4t Viadrina Frankfurt (Oder), Carolin Leutloff-Grandits, UMR G\u00e9ographie-cit\u00e9s, CNRS, B\u00e9atrice von Hirschhausen<\/p>\n<p><strong>Laufzeit:\u00a0<\/strong>2024-2027<\/p>\n            <\/div>\n              \n    <\/div>\n<\/section>\n\n\n<div class=\"wp-block-buttons is-content-justification-center is-layout-flex wp-container-core-buttons-is-layout-16018d1d wp-block-buttons-is-layout-flex\">\n<div class=\"wp-block-button is-style-outline is-style-outline--1\"><a class=\"wp-block-button__link wp-element-button\" href=\"https:\/\/divsky.hypotheses.org\/\">blog du projet<\/a><\/div>\n\n\n\n<div class=\"wp-block-button is-style-outline is-style-outline--2\"><a class=\"wp-block-button__link wp-element-button\">vid\u00e9o de pr\u00e9sentation<\/a><\/div>\n<\/div>\n\n\n\n<section class=\"one-box-text-section\">\n    \n    <div class=\"box-container full\">\n                    <div class=\"text-box\">\n                <p>Alors que des communaut\u00e9s villageoises voisines, autrefois s\u00e9par\u00e9es par la fronti\u00e8re interallemande, sont aujourd\u2019hui reli\u00e9es par un r\u00e9seau dense de mobilit\u00e9s, partagent les m\u00eames lieux de travail ainsi qu\u2019une m\u00eame stabilit\u00e9 sociale et \u00e9conomique, elles ne coop\u00e8rent gu\u00e8re et ne nouent pas de liens sociaux profonds ni d\u2019amiti\u00e9s. Le projet vise \u00e0 \u00e9clairer ce paradoxe en analysant les exp\u00e9riences de vie et les visions du monde de leurs habitant\u00b7es.<\/p>\n<p>Le projet utilise la proximit\u00e9 spatiale des communaut\u00e9s villageoises le long de l\u2019ancienne fronti\u00e8re interallemande pour poser la question des effets de la s\u00e9paration des deux \u00c9tats allemands ainsi que des transformations multiples et souvent asym\u00e9triques qui ont accompagn\u00e9 la r\u00e9unification des deux \u00c9tats allemands et qui sont encore effectives aujourd\u2019hui.<\/p>\n<p>Le choix de sites d&rsquo;\u00e9tude situ\u00e9s de part et d&rsquo;autre de l&rsquo;ancienne fronti\u00e8re permettra d&rsquo;examiner les changements affectant tant l&rsquo;Ouest que l&rsquo;Est, et d&rsquo;\u00e9tudier de mani\u00e8re critique la nature des processus en cours depuis 1989, interpr\u00e9t\u00e9s dans la litt\u00e9rature comme une \u00ab convergence \u00bb, une \u00ab int\u00e9gration \u00bb ou, plus r\u00e9cemment, une \u00ab co-transformation \u00bb. La d\u00e9cision de \u00ab revisiter \u00bb des villages qui ont d\u00e9j\u00e0 fait l\u2019objet d\u2019\u00e9tudes dans les ann\u00e9es 1990 ajoutera une dimension temporelle originale \u00e0 nos analyses.<\/p>\n<p>En nous appuyant sur trois approches disciplinaires (anthropologie sociale, sociologie et g\u00e9ographie) mises en \u0153uvre sur les m\u00eames sites d&rsquo;\u00e9tude, nous examinons trois dimensions qui, selon nous, permettront d&rsquo;\u00e9clairer et de mieux comprendre le ph\u00e9nom\u00e8ne de fronti\u00e8re fant\u00f4me qui semble caract\u00e9riser ces espaces sociaux, malgr\u00e9 la disparition des barri\u00e8res territoriales et \u00e9conomiques li\u00e9es \u00e0 l&rsquo;ancienne fronti\u00e8re interallemande. Ces trois dimensions sont les suivantes : L&rsquo;organisation de la vie sociale et le d\u00e9veloppement des liens sociaux, familiaux et interg\u00e9n\u00e9rationnels, l&rsquo;ancrage territorial, les pratiques de mobilit\u00e9 et les aspects relationnels li\u00e9s aux exp\u00e9riences \u00e9ducatives et professionnelles, ainsi que les relations avec la politique et les formes d&rsquo;engagement.<\/p>\n<p>Conform\u00e9ment \u00e0 des consid\u00e9rations \u00e9thiques et de transfert, la valorisation s&rsquo;adressera \u00e0 la fois au monde universitaire et aux soci\u00e9t\u00e9s locales, qui seront invit\u00e9es \u00e0 participer au tournage d&rsquo;un film documentaire par l\u2019Atelier Limo, une \u00e9quipe professionnelle.<\/p>\n            <\/div>\n              \n    <\/div>\n<\/section>\n\n\n<figure class=\"wp-block-gallery has-nested-images columns-default is-cropped wp-block-gallery-3 is-layout-flex wp-block-gallery-is-layout-flex\">\n<figure class=\"wp-block-image size-large\"><img loading=\"lazy\" decoding=\"async\" width=\"1024\" height=\"576\" data-id=\"24642\" src=\"https:\/\/cmb.hu-berlin.de\/wp-content\/uploads\/2026\/04\/IMG-20260323-WA0002-1-1024x576.jpg\" alt=\"\" class=\"wp-image-24642\" srcset=\"https:\/\/cmb.hu-berlin.de\/wp-content\/uploads\/2026\/04\/IMG-20260323-WA0002-1-1024x576.jpg 1024w, https:\/\/cmb.hu-berlin.de\/wp-content\/uploads\/2026\/04\/IMG-20260323-WA0002-1-300x169.jpg 300w, https:\/\/cmb.hu-berlin.de\/wp-content\/uploads\/2026\/04\/IMG-20260323-WA0002-1-768x432.jpg 768w, https:\/\/cmb.hu-berlin.de\/wp-content\/uploads\/2026\/04\/IMG-20260323-WA0002-1-1536x864.jpg 1536w, https:\/\/cmb.hu-berlin.de\/wp-content\/uploads\/2026\/04\/IMG-20260323-WA0002-1.jpg 1600w\" sizes=\"auto, (max-width: 1024px) 100vw, 1024px\" \/><\/figure>\n\n\n\n<figure class=\"wp-block-image size-large\"><img loading=\"lazy\" decoding=\"async\" width=\"1024\" height=\"683\" data-id=\"24649\" src=\"https:\/\/cmb.hu-berlin.de\/wp-content\/uploads\/2026\/04\/Gruppenfoto-10.12.2025-bearbeitet-KLEIN-1-1024x683.jpg\" alt=\"\" class=\"wp-image-24649\" srcset=\"https:\/\/cmb.hu-berlin.de\/wp-content\/uploads\/2026\/04\/Gruppenfoto-10.12.2025-bearbeitet-KLEIN-1-1024x683.jpg 1024w, https:\/\/cmb.hu-berlin.de\/wp-content\/uploads\/2026\/04\/Gruppenfoto-10.12.2025-bearbeitet-KLEIN-1-300x200.jpg 300w, https:\/\/cmb.hu-berlin.de\/wp-content\/uploads\/2026\/04\/Gruppenfoto-10.12.2025-bearbeitet-KLEIN-1-768x512.jpg 768w, https:\/\/cmb.hu-berlin.de\/wp-content\/uploads\/2026\/04\/Gruppenfoto-10.12.2025-bearbeitet-KLEIN-1-1536x1024.jpg 1536w, https:\/\/cmb.hu-berlin.de\/wp-content\/uploads\/2026\/04\/Gruppenfoto-10.12.2025-bearbeitet-KLEIN-1-2048x1365.jpg 2048w\" sizes=\"auto, (max-width: 1024px) 100vw, 1024px\" \/><\/figure>\n\n\n\n<figure class=\"wp-block-image size-large\"><img loading=\"lazy\" decoding=\"async\" width=\"1024\" height=\"576\" data-id=\"24653\" src=\"https:\/\/cmb.hu-berlin.de\/wp-content\/uploads\/2026\/04\/IMG-20260323-WA0001-2-1024x576.jpg\" alt=\"\" class=\"wp-image-24653\" srcset=\"https:\/\/cmb.hu-berlin.de\/wp-content\/uploads\/2026\/04\/IMG-20260323-WA0001-2-1024x576.jpg 1024w, https:\/\/cmb.hu-berlin.de\/wp-content\/uploads\/2026\/04\/IMG-20260323-WA0001-2-300x169.jpg 300w, https:\/\/cmb.hu-berlin.de\/wp-content\/uploads\/2026\/04\/IMG-20260323-WA0001-2-768x432.jpg 768w, https:\/\/cmb.hu-berlin.de\/wp-content\/uploads\/2026\/04\/IMG-20260323-WA0001-2-1536x864.jpg 1536w, https:\/\/cmb.hu-berlin.de\/wp-content\/uploads\/2026\/04\/IMG-20260323-WA0001-2.jpg 1600w\" sizes=\"auto, (max-width: 1024px) 100vw, 1024px\" \/><\/figure>\n<\/figure>\n\n\n\n<div class=\"wp-block-columns is-layout-flex wp-container-core-columns-is-layout-9d6595d7 wp-block-columns-is-layout-flex\">\n<div class=\"wp-block-column is-layout-flow wp-block-column-is-layout-flow\">\n<figure class=\"wp-block-video aligncenter\"><video height=\"1080\" style=\"aspect-ratio: 1920 \/ 1080;\" width=\"1920\" controls src=\"https:\/\/cmb.hu-berlin.de\/wp-content\/uploads\/2026\/04\/Design-sans-titre-2.mp4\"><\/video><\/figure>\n<\/div>\n\n\n\n<div class=\"wp-block-column is-layout-flow wp-block-column-is-layout-flow\">\n<iframe loading=\"lazy\" width=\"560\" height=\"315\" src=\"https:\/\/www.youtube.com\/embed\/WeLJa9kmWPo?si=BmYUzFKWgaccLeQt\" title=\"YouTube video player\" frameborder=\"0\" allow=\"accelerometer; autoplay; clipboard-write; encrypted-media; gyroscope; picture-in-picture; web-share\" referrerpolicy=\"strict-origin-when-cross-origin\" allowfullscreen><\/iframe>\n<\/div>\n<\/div>\n\n\n<section class=\"people-repeater\">\n      <h3 class=\"section-headline\">\u00c9quipe au CMB<\/h3>\n  \n  <div class=\"people-grid\">\n          \n        \n        <a href=\"https:\/\/cmb.hu-berlin.de\/fr\/people\/laure-de-verdalle\/\"\n           class=\"person-box person-box-link\"\n           data-person-gender=\"f\"\n           data-lang=\"fr\">\n\n          <div class=\"person-image-wrapper\">\n            <img decoding=\"async\" src=\"https:\/\/cmb.hu-berlin.de\/wp-content\/themes\/cmb\/assets\/images\/placeholder.png\"\n                 alt=\"Laure de Verdalle\"\n                 class=\"person-image\" \/>\n          <\/div>\n\n          <h4 class=\"person-name\">Laure de Verdalle<\/h4>\n\n          <div class=\"person-meta\">\n                          <div class=\"person-position\">\n                <span class=\"genderize\">Assoziierte Forschende<\/span>              <\/div>\n            \n                      <\/div>\n\n        <\/a>\n\n      \n        \n        <a href=\"https:\/\/cmb.hu-berlin.de\/fr\/people\/beatrice-von-hirschhausen\/\"\n           class=\"person-box person-box-link\"\n           data-person-gender=\"f\"\n           data-lang=\"fr\">\n\n          <div class=\"person-image-wrapper\">\n            <img decoding=\"async\" src=\"https:\/\/cmb.hu-berlin.de\/wp-content\/themes\/cmb\/assets\/images\/placeholder.png\"\n                 alt=\"B\u00e9atrice von Hirschhausen\"\n                 class=\"person-image\" \/>\n          <\/div>\n\n          <h4 class=\"person-name\">B\u00e9atrice von Hirschhausen<\/h4>\n\n          <div class=\"person-meta\">\n                          <div class=\"person-position\">\n                <span class=\"genderize\">Forschende<\/span>              <\/div>\n            \n                      <\/div>\n\n        <\/a>\n\n      \n        \n        <a href=\"https:\/\/cmb.hu-berlin.de\/fr\/people\/hugo-zusslin\/\"\n           class=\"person-box person-box-link\"\n           data-person-gender=\"m\"\n           data-lang=\"fr\">\n\n          <div class=\"person-image-wrapper\">\n            <img decoding=\"async\" src=\"https:\/\/cmb.hu-berlin.de\/wp-content\/uploads\/2025\/04\/HZ1.jpg\"\n                 alt=\"Hugo Zusslin\"\n                 class=\"person-image\" \/>\n          <\/div>\n\n          <h4 class=\"person-name\">Hugo Zusslin<\/h4>\n\n          <div class=\"person-meta\">\n                          <div class=\"person-position\">\n                <span class=\"genderize\">Assoziierte Promovierende<\/span>              <\/div>\n            \n                      <\/div>\n\n        <\/a>\n\n      \n        \n        <a href=\"https:\/\/cmb.hu-berlin.de\/fr\/people\/bastien-fond\/\"\n           class=\"person-box person-box-link\"\n           data-person-gender=\"m\"\n           data-lang=\"fr\">\n\n          <div class=\"person-image-wrapper\">\n            <img decoding=\"async\" src=\"https:\/\/cmb.hu-berlin.de\/wp-content\/uploads\/2025\/10\/compact-NB-Fond1.png\"\n                 alt=\"Bastien Fond\"\n                 class=\"person-image\" \/>\n          <\/div>\n\n          <h4 class=\"person-name\">Bastien Fond<\/h4>\n\n          <div class=\"person-meta\">\n                          <div class=\"person-position\">\n                <span class=\"genderize\">Promovierende<\/span>              <\/div>\n            \n                      <\/div>\n\n        <\/a>\n\n            <\/div>\n<\/section>\n\n\n<section class=\"one-box-text-section\">\n    \n    <div class=\"box-container cut\">\n                    <div class=\"text-box\">\n                <p><strong>Weitere Teammitglieder:<\/strong><\/p>\n<p><a href=\"https:\/\/www.borders-in-motion.de\/de\/team\/mitarbeitende\/carolin-leutloff-grandits\/index.html\">Carolin Leutloff-Grandits<\/a>, Europa-Universit\u00e4t Viadrina<\/p>\n<p><a href=\"https:\/\/www.borders-in-motion.de\/de\/team\/mitarbeitende\/judith-althaus\/index.html\">Judith Althaus<\/a>, Europa-Universit\u00e4t Viadrina<\/p>\n<p><a href=\"https:\/\/umr-territoires.fr\/membre_du_labo\/roth-helene\/\">H\u00e9l\u00e8ne Roth<\/a>, UMR Territoires<\/p>\n<p><a href=\"https:\/\/www.univ-orleans.fr\/fr\/cedete\/les-membres\/chercheurs-affilies\/josephine-lecuyer\">Jos\u00e9phine L\u00e9cuyer<\/a>, Universit\u00e9 d\u2019Orl\u00e9ans<\/p>\n<p><a href=\"https:\/\/www.atelier-limo.eu\/about-atelier-limo\/\">Nicolas Pannetier<\/a>, Atelier Limo<\/p>\n<p><a href=\"https:\/\/www.atelier-limo.eu\/about-atelier-limo\/\">Simon Brunel<\/a>, Atelier Limo<\/p>\n            <\/div>\n              \n    <\/div>\n<\/section>\n\n<div class=\"wp-block-image is-style-default\">\n<figure class=\"aligncenter size-medium\"><img loading=\"lazy\" decoding=\"async\" width=\"300\" height=\"85\" src=\"https:\/\/cmb.hu-berlin.de\/wp-content\/uploads\/2026\/04\/dfg_logo_schriftzug_blau_foerderung_de-1-300x85.jpg\" alt=\"\" class=\"wp-image-24709\" srcset=\"https:\/\/cmb.hu-berlin.de\/wp-content\/uploads\/2026\/04\/dfg_logo_schriftzug_blau_foerderung_de-1-300x85.jpg 300w, https:\/\/cmb.hu-berlin.de\/wp-content\/uploads\/2026\/04\/dfg_logo_schriftzug_blau_foerderung_de-1-1024x290.jpg 1024w, https:\/\/cmb.hu-berlin.de\/wp-content\/uploads\/2026\/04\/dfg_logo_schriftzug_blau_foerderung_de-1-768x217.jpg 768w, https:\/\/cmb.hu-berlin.de\/wp-content\/uploads\/2026\/04\/dfg_logo_schriftzug_blau_foerderung_de-1.jpg 1057w\" sizes=\"auto, (max-width: 300px) 100vw, 300px\" \/><\/figure>\n<\/div>\n\n<div class=\"wp-block-image\">\n<figure class=\"aligncenter size-medium is-resized\"><img loading=\"lazy\" decoding=\"async\" width=\"300\" height=\"114\" src=\"https:\/\/cmb.hu-berlin.de\/wp-content\/uploads\/2026\/04\/ANR-logo-2021-sigle-300x114.jpg\" alt=\"\" class=\"wp-image-24703\" style=\"aspect-ratio:2.631732168850073;width:189px;height:auto\" srcset=\"https:\/\/cmb.hu-berlin.de\/wp-content\/uploads\/2026\/04\/ANR-logo-2021-sigle-300x114.jpg 300w, https:\/\/cmb.hu-berlin.de\/wp-content\/uploads\/2026\/04\/ANR-logo-2021-sigle-1024x390.jpg 1024w, https:\/\/cmb.hu-berlin.de\/wp-content\/uploads\/2026\/04\/ANR-logo-2021-sigle-768x292.jpg 768w, https:\/\/cmb.hu-berlin.de\/wp-content\/uploads\/2026\/04\/ANR-logo-2021-sigle.jpg 1211w\" sizes=\"auto, (max-width: 300px) 100vw, 300px\" \/><\/figure>\n<\/div>","protected":false},"excerpt":{"rendered":"","protected":false},"featured_media":24633,"template":"","meta":{"_acf_changed":true},"categories":[181,159],"class_list":["post-24657","dm_projekte","type-dm_projekte","status-publish","has-post-thumbnail","hentry","category-aktuelle-drittmittelprojekte","category-deutsch-franzoesische-mittel"],"acf":[],"_links":{"self":[{"href":"https:\/\/cmb.hu-berlin.de\/fr\/wp-json\/wp\/v2\/dm_projekte\/24657","targetHints":{"allow":["GET"]}}],"collection":[{"href":"https:\/\/cmb.hu-berlin.de\/fr\/wp-json\/wp\/v2\/dm_projekte"}],"about":[{"href":"https:\/\/cmb.hu-berlin.de\/fr\/wp-json\/wp\/v2\/types\/dm_projekte"}],"wp:featuredmedia":[{"embeddable":true,"href":"https:\/\/cmb.hu-berlin.de\/fr\/wp-json\/wp\/v2\/media\/24633"}],"wp:attachment":[{"href":"https:\/\/cmb.hu-berlin.de\/fr\/wp-json\/wp\/v2\/media?parent=24657"}],"wp:term":[{"taxonomy":"category","embeddable":true,"href":"https:\/\/cmb.hu-berlin.de\/fr\/wp-json\/wp\/v2\/categories?post=24657"}],"curies":[{"name":"wp","href":"https:\/\/api.w.org\/{rel}","templated":true}]}}