{"id":24752,"date":"2026-04-27T12:04:54","date_gmt":"2026-04-27T10:04:54","guid":{"rendered":"https:\/\/cmb.hu-berlin.de\/libertes-academiques\/"},"modified":"2026-04-27T12:57:36","modified_gmt":"2026-04-27T10:57:36","slug":"libertes-academiques","status":"publish","type":"page","link":"https:\/\/cmb.hu-berlin.de\/fr\/libertes-academiques\/","title":{"rendered":"Libert\u00e9s acad\u00e9miques"},"content":{"rendered":"<section class=\"header-section\">\n    <h1 class=\"block-headline\">Libert\u00e9s acad\u00e9miques<\/h1>\n\n<\/section>\n\n\n\t<section class=\"subheadline_section\">\n\t    <h2 class=\"block-subheadline\">Thematischer Fokus auf Fragen der Wissenschaftsfreiheit in Zeiten des Aufschwungs rechtsextremer politischer Kr\u00e4fte. <\/h2>\n\t<\/section>\n\n\n\n<section class=\"one-box-text-section\">\n    \n    <div class=\"box-container full\">\n                    <div class=\"text-box\">\n                <p>Ces derni\u00e8res ann\u00e9es, les succ\u00e8s \u00e9lectoraux de l\u2019extr\u00eame droite dans diff\u00e9rents pays europ\u00e9ens et internationaux et la transformation d\u2019un monde politique pluraliste en r\u00e9gime \u00ab illib\u00e9ral \u00bb ont laiss\u00e9 des marques profondes dans la vie universitaire et intellectuelle de ces pays. Depuis quelques ann\u00e9es, les pressions plus directement politiques se multiplient dans les d\u00e9mocraties \u00e9tablies depuis longue date. Ces multiples pressions et un d\u00e9bat politique polaris\u00e9, dont il faudrait dresser un inventaire diff\u00e9renci\u00e9 selon les pays, ont conduit \u00e0 un r\u00e9tr\u00e9cissement de l\u2019espace du d\u00e9bat acad\u00e9mique et affect\u00e9 les pratiques de recherche et d\u2019enseignement, particuli\u00e8rement dans les sciences humaines et sociales.<\/p>\n<p>Dans un tel contexte d\u2019une mise \u00e0 l\u2019\u00e9preuve des principes et pratiques au fondement du champ acad\u00e9mique, il nous semble important d\u2019analyser de pr\u00e8s ces pressions sur le monde universitaire des diff\u00e9rents pays tout comme les strat\u00e9gies de r\u00e9sistance, interne et externe, entreprises par les multiples actrices et acteurs pour sauvegarder les conditions d\u2019un d\u00e9bat acad\u00e9mique ouvert et pluraliste.<\/p>\n            <\/div>\n              \n    <\/div>\n<\/section>\n\n\n<div class=\"wp-block-columns is-layout-flex wp-container-core-columns-is-layout-9d6595d7 wp-block-columns-is-layout-flex\">\n<div class=\"wp-block-column is-layout-flow wp-block-column-is-layout-flow\" style=\"flex-basis:33.33%\"><div class=\"wp-block-image\">\n<figure class=\"aligncenter size-large is-resized\"><img loading=\"lazy\" decoding=\"async\" width=\"1024\" height=\"682\" src=\"https:\/\/cmb.hu-berlin.de\/wp-content\/uploads\/2026\/04\/academic-freedom-week-foto-1024x682.jpg\" alt=\"\" class=\"wp-image-24740\" style=\"aspect-ratio:1.5014746298533421;width:506px;height:auto\" srcset=\"https:\/\/cmb.hu-berlin.de\/wp-content\/uploads\/2026\/04\/academic-freedom-week-foto-1024x682.jpg 1024w, https:\/\/cmb.hu-berlin.de\/wp-content\/uploads\/2026\/04\/academic-freedom-week-foto-300x200.jpg 300w, https:\/\/cmb.hu-berlin.de\/wp-content\/uploads\/2026\/04\/academic-freedom-week-foto-768x512.jpg 768w, https:\/\/cmb.hu-berlin.de\/wp-content\/uploads\/2026\/04\/academic-freedom-week-foto-1536x1024.jpg 1536w, https:\/\/cmb.hu-berlin.de\/wp-content\/uploads\/2026\/04\/academic-freedom-week-foto.jpg 2000w\" sizes=\"auto, (max-width: 1024px) 100vw, 1024px\" \/><\/figure>\n<\/div><\/div>\n\n\n\n<div class=\"wp-block-column is-layout-flow wp-block-column-is-layout-flow\" style=\"flex-basis:66.66%\">\n<section class=\"one-box-text-section\">\n            <h3 class=\"section-headline\">Academic Freedom Week <\/h3>\n    \n    <div class=\"box-container full\">\n                    <div class=\"text-box\">\n                <p>Within the <a href=\"https:\/\/www.fu-berlin.de\/presse\/informationen\/fup\/2026\/fup_26_047-academic-freedom-week\/index.html\">Academic Freedom Week<\/a> in Berlin the Centre Marc Bloch organizes a round table on the topic. This event brings together experts and researchers to examine the challenges facing academic freedom in global and European contexts.<\/p>\n<p>The day begins with a keynote from <strong>Stephanie Balme<\/strong> (Sciences Po Paris), presenting insights from her report\u00a0<strong><em>Defending and Promoting Academic Freedom: A Global Issue, an Urgent Matter for France and Europe<\/em><\/strong>, followed by a Q&amp;A session.<\/p>\n<p>The event will be followed by two roundtable discussions :<\/p>\n<p><b>How do academic freedoms erode and what can be done\u00a0?<\/b><\/p>\n<p><b>How do French and German institutions abroad navigate the shoals of illiberal pressures on academic freedoms<\/b><\/p>\n<h3><a href=\"https:\/\/cmb.hu-berlin.de\/en\/events\/roundtables-transnational-perspectives-on-academic-freedom\/\">\u2192 More information and registration<\/a><\/h3>\n            <\/div>\n              \n    <\/div>\n<\/section><\/div>\n<\/div>\n\n\n\n<section class=\"one-box-text-section\">\n            <h3 class=\"section-headline\">Online-Seminar \u00ab Entre pressions et r\u00e9silience : Le monde universitaire en contextes politiques illib\u00e9raux \u00bb <\/h3>\n    \n    <div class=\"box-container full\">\n                    <div class=\"text-box\">\n                <p>Nos r\u00e9flexions sont men\u00e9es aussi dans le cadre d\u2019une s\u00e9rie de s\u00e9minaires en ligne avec des interventions de coll\u00e8gues de diff\u00e9rents pays, en fran\u00e7ais ou en anglais. Ils devraient concerner \u00e0 la fois les pays o\u00f9 les pressions s\u2019exercent depuis de nombreuses ann\u00e9es que des pays o\u00f9 les transformations politiques et la polarisation politique introduisent de nouvelles pressions.<\/p>\n            <\/div>\n              \n    <\/div>\n<\/section>\n\n\n<section class=\"cmb-block cmb-block--events-list\">\n      <div class=\"event-list\"><!-- matches former template wrapper -->\n              <a href=\"https:\/\/cmb.hu-berlin.de\/fr\/events\/seminaire-en-ligne-entre-pressions-et-resilience-le-monde-universitaire-en-contextes-politiques-illiberaux-2\/\" class=\"event-link event-item\">\n          <div class=\"event-image\">\n                          <img decoding=\"async\" width=\"240\" height=\"300\" src=\"https:\/\/cmb.hu-berlin.de\/wp-content\/uploads\/2025\/11\/1763639971220-240x300.jpg\" class=\"attachment-medium size-medium wp-post-image\" alt=\"\" loading=\"lazy\" srcset=\"https:\/\/cmb.hu-berlin.de\/wp-content\/uploads\/2025\/11\/1763639971220-240x300.jpg 240w, https:\/\/cmb.hu-berlin.de\/wp-content\/uploads\/2025\/11\/1763639971220-819x1024.jpg 819w, https:\/\/cmb.hu-berlin.de\/wp-content\/uploads\/2025\/11\/1763639971220-768x960.jpg 768w, https:\/\/cmb.hu-berlin.de\/wp-content\/uploads\/2025\/11\/1763639971220.jpg 1200w\" sizes=\"auto, (max-width: 240px) 100vw, 240px\" \/>                      <\/div>\n\n          <div class=\"event-content\">\n            <div class=\"event-date\">\n                              <p>4.12.2025<\/p>\n                                  <p>18:00<\/p>\n                                          <\/div>\n\n            <div class=\"event-title-wrapper\">\n              <h3 class=\"event-title\">S\u00e9minaire en ligne \u00ab\u00a0Entre pressions et r\u00e9silience: Le monde universitaire en contextes politiques illib\u00e9raux\u00a0\u00bb<\/h3>\n                              <p class=\"event-subtitle\">Jens Hanssen (Orient-Institut Beirut de la Max Weber Stiftung) : Liban, \u00c9gypte, Afrique du Nord.<\/p>\n                          <\/div>\n\n            <div class=\"event-more-wrapper\">\n                              <p class=\"event-categories\">Libert\u00e9s acad\u00e9miques<\/p>\n              \n                              <p class=\"event-venue\">\n                  <svg id=\"venue_icon\" xmlns=\"http:\/\/www.w3.org\/2000\/svg\" viewBox=\"0 0 43.47 43.47\" aria-hidden=\"true\" focusable=\"false\">\n                    <path d=\"M21.73,3c10.33,0,18.73,8.4,18.73,18.73s-8.4,18.73-18.73,18.73S3,32.07,3,21.73,11.4,3,21.73,3M21.73,0C9.73,0,0,9.73,0,21.73s9.73,21.73,21.73,21.73,21.73-9.73,21.73-21.73S33.74,0,21.73,0h0Z\"\/>\n                    <circle cx=\"21.73\" cy=\"21.73\" r=\"10.25\"\/>\n                  <\/svg>\n                  Online                <\/p>\n                          <\/div>\n          <\/div>\n        <\/a>\n              <a href=\"https:\/\/cmb.hu-berlin.de\/fr\/events\/seminaire-en-ligne-entre-pressions-et-resilience-le-monde-universitaire-en-contextes-politiques-illiberaux-3\/\" class=\"event-link event-item\">\n          <div class=\"event-image\">\n                          <img decoding=\"async\" width=\"240\" height=\"300\" src=\"https:\/\/cmb.hu-berlin.de\/wp-content\/uploads\/2026\/01\/1765970498938-240x300.jpg\" class=\"attachment-medium size-medium wp-post-image\" alt=\"\" loading=\"lazy\" srcset=\"https:\/\/cmb.hu-berlin.de\/wp-content\/uploads\/2026\/01\/1765970498938-240x300.jpg 240w, https:\/\/cmb.hu-berlin.de\/wp-content\/uploads\/2026\/01\/1765970498938-768x960.jpg 768w, https:\/\/cmb.hu-berlin.de\/wp-content\/uploads\/2026\/01\/1765970498938.jpg 800w\" sizes=\"auto, (max-width: 240px) 100vw, 240px\" \/>                      <\/div>\n\n          <div class=\"event-content\">\n            <div class=\"event-date\">\n                              <p>8.01.2026<\/p>\n                                  <p>18:00<\/p>\n                                          <\/div>\n\n            <div class=\"event-title-wrapper\">\n              <h3 class=\"event-title\">Entre pressions et r\u00e9silience &#8211; Le monde universitaire en contextes politiques illib\u00e9raux : Argentine<\/h3>\n                              <p class=\"event-subtitle\">avec Gabriel Vomaro (Universidad de San Mart\u00edn)<\/p>\n                          <\/div>\n\n            <div class=\"event-more-wrapper\">\n                              <p class=\"event-categories\">Libert\u00e9s acad\u00e9miques<\/p>\n              \n                              <p class=\"event-venue\">\n                  <svg id=\"venue_icon\" xmlns=\"http:\/\/www.w3.org\/2000\/svg\" viewBox=\"0 0 43.47 43.47\" aria-hidden=\"true\" focusable=\"false\">\n                    <path d=\"M21.73,3c10.33,0,18.73,8.4,18.73,18.73s-8.4,18.73-18.73,18.73S3,32.07,3,21.73,11.4,3,21.73,3M21.73,0C9.73,0,0,9.73,0,21.73s9.73,21.73,21.73,21.73,21.73-9.73,21.73-21.73S33.74,0,21.73,0h0Z\"\/>\n                    <circle cx=\"21.73\" cy=\"21.73\" r=\"10.25\"\/>\n                  <\/svg>\n                  Online                <\/p>\n                          <\/div>\n          <\/div>\n        <\/a>\n              <a href=\"https:\/\/cmb.hu-berlin.de\/fr\/events\/seminaire-libertes-academiques-entre-pressions-et-resilience-le-monde-universitaire-en-contextes-politiques-illiberaux-bresil\/\" class=\"event-link event-item\">\n          <div class=\"event-image\">\n                          <img decoding=\"async\" width=\"240\" height=\"300\" src=\"https:\/\/cmb.hu-berlin.de\/wp-content\/uploads\/2026\/01\/1769072688346-240x300.jpg\" class=\"attachment-medium size-medium wp-post-image\" alt=\"\" loading=\"lazy\" srcset=\"https:\/\/cmb.hu-berlin.de\/wp-content\/uploads\/2026\/01\/1769072688346-240x300.jpg 240w, https:\/\/cmb.hu-berlin.de\/wp-content\/uploads\/2026\/01\/1769072688346-768x960.jpg 768w, https:\/\/cmb.hu-berlin.de\/wp-content\/uploads\/2026\/01\/1769072688346.jpg 800w\" sizes=\"auto, (max-width: 240px) 100vw, 240px\" \/>                      <\/div>\n\n          <div class=\"event-content\">\n            <div class=\"event-date\">\n                              <p>5.02.2026<\/p>\n                                  <p>18:00<\/p>\n                                          <\/div>\n\n            <div class=\"event-title-wrapper\">\n              <h3 class=\"event-title\">S\u00e9minaire \u00ab Libert\u00e9s acad\u00e9miques \u00bb<\/h3>\n                              <p class=\"event-subtitle\">\u00ab Entre pressions et r\u00e9silience : Le monde universitaire en contextes politiques illib\u00e9raux \u00bb &#8211; Le Br\u00e9sil avec Alexandre Anselmo Guilherme (Centro de Estudos Europeus e Alem\u00e3es (CDEA\/DAAD)\/Pontif\u00edcia Universidade Cat\u00f3lica do Rio Grande do Sul- Porto Alegre)<\/p>\n                          <\/div>\n\n            <div class=\"event-more-wrapper\">\n                              <p class=\"event-categories\">Libert\u00e9s acad\u00e9miques<\/p>\n              \n                          <\/div>\n          <\/div>\n        <\/a>\n              <a href=\"https:\/\/cmb.hu-berlin.de\/fr\/events\/seminaire-libertes-academiques\/\" class=\"event-link event-item\">\n          <div class=\"event-image\">\n                          <img decoding=\"async\" width=\"240\" height=\"300\" src=\"https:\/\/cmb.hu-berlin.de\/wp-content\/uploads\/2026\/02\/LibertesAcademiques_5Mars_SimonFuchs-240x300.jpg\" class=\"attachment-medium size-medium wp-post-image\" alt=\"\" loading=\"lazy\" srcset=\"https:\/\/cmb.hu-berlin.de\/wp-content\/uploads\/2026\/02\/LibertesAcademiques_5Mars_SimonFuchs-240x300.jpg 240w, https:\/\/cmb.hu-berlin.de\/wp-content\/uploads\/2026\/02\/LibertesAcademiques_5Mars_SimonFuchs-819x1024.jpg 819w, https:\/\/cmb.hu-berlin.de\/wp-content\/uploads\/2026\/02\/LibertesAcademiques_5Mars_SimonFuchs-768x960.jpg 768w, https:\/\/cmb.hu-berlin.de\/wp-content\/uploads\/2026\/02\/LibertesAcademiques_5Mars_SimonFuchs.jpg 1200w\" sizes=\"auto, (max-width: 240px) 100vw, 240px\" \/>                      <\/div>\n\n          <div class=\"event-content\">\n            <div class=\"event-date\">\n                              <p>5.03.2026<\/p>\n                                  <p>18:00<\/p>\n                                          <\/div>\n\n            <div class=\"event-title-wrapper\">\n              <h3 class=\"event-title\">S\u00e9minaire \u00ab Libert\u00e9s acad\u00e9miques \u00bb<\/h3>\n                              <p class=\"event-subtitle\">\u00ab Entre pressions et r\u00e9silience : Le monde universitaire en contextes politiques illib\u00e9raux \u00bb &#8211; L&#039;Isra\u00ebl avec Simon Fuchs (Hebrew University)<\/p>\n                          <\/div>\n\n            <div class=\"event-more-wrapper\">\n                              <p class=\"event-categories\">Libert\u00e9s acad\u00e9miques<\/p>\n              \n                              <p class=\"event-venue\">\n                  <svg id=\"venue_icon\" xmlns=\"http:\/\/www.w3.org\/2000\/svg\" viewBox=\"0 0 43.47 43.47\" aria-hidden=\"true\" focusable=\"false\">\n                    <path d=\"M21.73,3c10.33,0,18.73,8.4,18.73,18.73s-8.4,18.73-18.73,18.73S3,32.07,3,21.73,11.4,3,21.73,3M21.73,0C9.73,0,0,9.73,0,21.73s9.73,21.73,21.73,21.73,21.73-9.73,21.73-21.73S33.74,0,21.73,0h0Z\"\/>\n                    <circle cx=\"21.73\" cy=\"21.73\" r=\"10.25\"\/>\n                  <\/svg>\n                  En ligne                <\/p>\n                          <\/div>\n          <\/div>\n        <\/a>\n              <a href=\"https:\/\/cmb.hu-berlin.de\/fr\/events\/seminaire-libertes-academiques-2\/\" class=\"event-link event-item\">\n          <div class=\"event-image\">\n                          <img decoding=\"async\" width=\"240\" height=\"300\" src=\"https:\/\/cmb.hu-berlin.de\/wp-content\/uploads\/2026\/03\/LibertesAcademiquesItalieAffiche-240x300.jpg\" class=\"attachment-medium size-medium wp-post-image\" alt=\"\" loading=\"lazy\" srcset=\"https:\/\/cmb.hu-berlin.de\/wp-content\/uploads\/2026\/03\/LibertesAcademiquesItalieAffiche-240x300.jpg 240w, https:\/\/cmb.hu-berlin.de\/wp-content\/uploads\/2026\/03\/LibertesAcademiquesItalieAffiche.jpg 657w\" sizes=\"auto, (max-width: 240px) 100vw, 240px\" \/>                      <\/div>\n\n          <div class=\"event-content\">\n            <div class=\"event-date\">\n                              <p>9.04.2026<\/p>\n                                  <p>18:00<\/p>\n                                          <\/div>\n\n            <div class=\"event-title-wrapper\">\n              <h3 class=\"event-title\">S\u00e9minaire \u00ab Libert\u00e9s acad\u00e9miques \u00bb<\/h3>\n                              <p class=\"event-subtitle\">\u00ab Entre pressions et r\u00e9silience : Le monde universitaire en contextes politiques illib\u00e9raux \u00bb &#8211; L&#039;Italie avec Luca Storti (Universit\u00e9 de Turin)<\/p>\n                          <\/div>\n\n            <div class=\"event-more-wrapper\">\n                              <p class=\"event-categories\">Libert\u00e9s acad\u00e9miques<\/p>\n              \n                              <p class=\"event-venue\">\n                  <svg id=\"venue_icon\" xmlns=\"http:\/\/www.w3.org\/2000\/svg\" viewBox=\"0 0 43.47 43.47\" aria-hidden=\"true\" focusable=\"false\">\n                    <path d=\"M21.73,3c10.33,0,18.73,8.4,18.73,18.73s-8.4,18.73-18.73,18.73S3,32.07,3,21.73,11.4,3,21.73,3M21.73,0C9.73,0,0,9.73,0,21.73s9.73,21.73,21.73,21.73,21.73-9.73,21.73-21.73S33.74,0,21.73,0h0Z\"\/>\n                    <circle cx=\"21.73\" cy=\"21.73\" r=\"10.25\"\/>\n                  <\/svg>\n                  En ligne                <\/p>\n                          <\/div>\n          <\/div>\n        <\/a>\n          <\/div>\n  <\/section>","protected":false},"excerpt":{"rendered":"","protected":false},"author":2,"featured_media":0,"parent":0,"menu_order":0,"comment_status":"closed","ping_status":"closed","template":"page-modular.php","meta":{"_acf_changed":false,"footnotes":""},"class_list":["post-24752","page","type-page","status-publish","hentry"],"acf":[],"_links":{"self":[{"href":"https:\/\/cmb.hu-berlin.de\/fr\/wp-json\/wp\/v2\/pages\/24752","targetHints":{"allow":["GET"]}}],"collection":[{"href":"https:\/\/cmb.hu-berlin.de\/fr\/wp-json\/wp\/v2\/pages"}],"about":[{"href":"https:\/\/cmb.hu-berlin.de\/fr\/wp-json\/wp\/v2\/types\/page"}],"author":[{"embeddable":true,"href":"https:\/\/cmb.hu-berlin.de\/fr\/wp-json\/wp\/v2\/users\/2"}],"replies":[{"embeddable":true,"href":"https:\/\/cmb.hu-berlin.de\/fr\/wp-json\/wp\/v2\/comments?post=24752"}],"version-history":[{"count":1,"href":"https:\/\/cmb.hu-berlin.de\/fr\/wp-json\/wp\/v2\/pages\/24752\/revisions"}],"predecessor-version":[{"id":24754,"href":"https:\/\/cmb.hu-berlin.de\/fr\/wp-json\/wp\/v2\/pages\/24752\/revisions\/24754"}],"wp:attachment":[{"href":"https:\/\/cmb.hu-berlin.de\/fr\/wp-json\/wp\/v2\/media?parent=24752"}],"curies":[{"name":"wp","href":"https:\/\/api.w.org\/{rel}","templated":true}]}}